{"id":990,"date":"2017-07-29T11:38:50","date_gmt":"2017-07-29T09:38:50","guid":{"rendered":"https:\/\/journalliteratur.blogs.ruhr-uni-bochum.de\/?page_id=990"},"modified":"2017-11-09T11:52:52","modified_gmt":"2017-11-09T10:52:52","slug":"programm","status":"publish","type":"page","link":"https:\/\/journalliteratur.blogs.ruhr-uni-bochum.de\/gb\/veranstaltungen\/konferenzen\/visual-design\/programm\/","title":{"rendered":"Programme"},"content":{"rendered":"<h4>International Conference of the DFG research unit \u201cJournalliteratur\u201c<\/h4>\n<h5><a href=\"https:\/\/journalliteratur.blogs.ruhr-uni-bochum.de\/event\/visuelles-design-die-journalseite-als-gestaltete-fla%cc%88che\/\">23.-25. November 2017,\u00a0Philipps-Universit\u00e4t Marburg (Germany)<\/a><strong><br \/>\n<\/strong><\/h5>\n\n<table id=\"tablepress-12\" class=\"tablepress tablepress-id-12\">\n<tbody class=\"row-striping\">\n<tr class=\"row-1\">\n\t<td class=\"column-1\"><a href=\"https:\/\/journalliteratur.blogs.ruhr-uni-bochum.de\/gb\/veranstaltungen\/konferenzen\/visual-design\/programm\/\">Programme<\/a><\/td><td class=\"column-2\"><a href=\"https:\/\/journalliteratur.blogs.ruhr-uni-bochum.de\/gb\/veranstaltungen\/konferenzen\/visual-design\/cfp\/\">CfP<\/a><\/td><td class=\"column-3\"><a href=\"https:\/\/journalliteratur.blogs.ruhr-uni-bochum.de\/gb\/veranstaltungen\/konferenzen\/visual-design\/anmeldung\/\">Registration<\/a><\/td><td class=\"column-4\"><a href=\"https:\/\/journalliteratur.blogs.ruhr-uni-bochum.de\/gb\/location-anfahrt\/\">Location &amp; Directions<\/a><\/td><td class=\"column-5\"><a href=\"https:\/\/journalliteratur.blogs.ruhr-uni-bochum.de\/gb\/veranstaltungen\/konferenzen\/visual-design\/unterkunft\/\">Accommodations<\/a><\/td><td class=\"column-6\"><a href=\"https:\/\/journalliteratur.blogs.ruhr-uni-bochum.de\/gb\/veranstaltungen\/konferenzen\/visual-design\/kontakt\/\">Contact<\/a><\/td>\n<\/tr>\n<\/tbody>\n<\/table>\n<!-- #tablepress-12 from cache -->\n<table>\n<tbody>\n<tr>\n<td>\n<h2><a href=\"https:\/\/journalliteratur.blogs.ruhr-uni-bochum.de\/wp-content\/uploads\/2017\/11\/Journal_Programm_2017_MR_VisualDesign_FIN_kl.pdf\">Programme (PDF)<\/a><\/h2>\n<\/td>\n<td>\n<h2><a href=\"https:\/\/journalliteratur.blogs.ruhr-uni-bochum.de\/wp-content\/uploads\/2017\/11\/Book-of-Abstracts.pdf\">Book of Abstracts (PDF)<\/a><\/h2>\n<\/td>\n<\/tr>\n<\/tbody>\n<\/table>\n<h2>Donnerstag | Thursday, 23.11.2017<\/h2>\n<table style=\"height: 220px;\" width=\"600\" cellspacing=\"5\" cellpadding=\"5\">\n<tbody>\n<tr>\n<td>13:00<\/td>\n<td><\/td>\n<td><em>Anmeldung | Registration<\/em><\/td>\n<\/tr>\n<tr>\n<td>13:30<\/td>\n<td><\/td>\n<td><strong>Andreas Beck, Volker Mergenthaler, Jens Ruchatz<\/strong>:<br \/>\nGru\u00dfworte | Welcome &amp; Opening Remarks<\/td>\n<\/tr>\n<tr>\n<td><\/td>\n<td><\/td>\n<td><\/td>\n<\/tr>\n<tr>\n<td style=\"width: 80px;\">\n<h3><span style=\"color: #4c928c;\">Panel\u00a01<\/span><\/h3>\n<\/td>\n<td><\/td>\n<td>\n<h3><span style=\"color: #4c928c;\">Technik- und Layoutgeschichte | History of technology and layout<\/span><\/h3>\n<\/td>\n<\/tr>\n<tr>\n<td>14:00-14:40<\/td>\n<td><\/td>\n<td><strong>Nikolaus Weichselbaumer<\/strong> (Johannes Gutenberg-Universit\u00e4t Mainz):<br \/>\nLinotype und Teletypesetter. Satztechnologie als Taktgeber f\u00fcr die Entwicklung des Zeitungslayouts<\/td>\n<\/tr>\n<tr>\n<td>14:40-15:20<\/td>\n<td><\/td>\n<td><strong>Tom Gretton<\/strong> (University College London):<br \/>\nMakers\u2019 names and authorship in magazine pictures in London, Paris and Leipzig c.1860 \u2013 c.1900.<\/td>\n<\/tr>\n<tr>\n<td><\/td>\n<td><\/td>\n<td><em>\u00a030\u00a0Min. Coffee break<\/em><\/td>\n<\/tr>\n<tr>\n<td>15:50-16:30<\/td>\n<td><\/td>\n<td><strong>Vincent Fr\u00f6hlich<\/strong> (Philipps-Universit\u00e4t Marburg):<br \/>\nDis\/Order: A Comparison between different Layout Logics of British and German Illustrated Magazines<\/td>\n<\/tr>\n<tr>\n<td>16:30-17:10<\/td>\n<td><\/td>\n<td><strong>Hala Auji<\/strong> (American University of Beirut):<br \/>\nContemporaneity, Visuality, and 19th-Century Arabic Literary-Scientific Journals<\/td>\n<\/tr>\n<tr>\n<td>17:10 -17:40<\/td>\n<td><\/td>\n<td><strong>Thierry Gervais<\/strong> (Ryerson University, Toronto):<br \/>\nPhotography: A multifaceted tool for the 19th century illustrated press<\/td>\n<\/tr>\n<tr>\n<td><\/td>\n<td><\/td>\n<td><em>30\u00a0Min. Coffee break<\/em><\/td>\n<\/tr>\n<tr>\n<td><\/td>\n<td><\/td>\n<td><\/td>\n<\/tr>\n<tr>\n<td>\n<h3><span style=\"color: #4c928c;\">Panel 2<\/span><strong><span style=\"color: #4c928c;\"><br \/>\n<\/span><\/strong><\/h3>\n<\/td>\n<td><\/td>\n<td>\n<h3><span style=\"color: #4c928c;\">Rezeptionskulturen: Journalgestaltung und Publika | Cultures of reception: design and audiences<\/span><\/h3>\n<\/td>\n<\/tr>\n<tr>\n<td><span style=\"color: #000000;\">18:10-18:50<\/span><\/td>\n<td><\/td>\n<td><span style=\"color: #000000;\"><strong>Zsolt M\u00e9sz\u00e1ros<\/strong> (Budapest):<br \/>\n1920 \u2013 Monsieur et Vogue fran\u00e7ais<\/span><\/td>\n<\/tr>\n<tr>\n<td><span style=\"color: #000000;\">18:50-19:30<\/span><\/td>\n<td><\/td>\n<td><span style=\"color: #000000;\"><strong>Kit Belgum <\/strong>(University of Texas at Austin):<br \/>\nVisual Constraints: Revealing and Concealing the World in Popular Geographical Magazines<br \/>\n<\/span><\/td>\n<\/tr>\n<tr>\n<td><\/td>\n<td><\/td>\n<td><em>Empfang | Reception<\/em><\/td>\n<\/tr>\n<\/tbody>\n<\/table>\n<h2>Freitag | Friday, 24.11.2017<\/h2>\n<table style=\"height: 220px;\" width=\"600\" cellspacing=\"5\" cellpadding=\"5\">\n<tbody>\n<tr>\n<td style=\"width: 80px;\">\n<h3><span style=\"color: #4c928c;\">Panel 3<\/span><strong><span style=\"color: #4c928c;\"><br \/>\n<\/span><\/strong><\/h3>\n<\/td>\n<td><\/td>\n<td>\n<h3><span style=\"color: #4c928c;\">Typographische Strategien | Typographic strategies<\/span><\/h3>\n<\/td>\n<\/tr>\n<tr>\n<td>10:00-10:40<\/td>\n<td><\/td>\n<td><strong>Marie-Eve Th\u00e9renty<\/strong> (Universit\u00e9 Paul-Val\u00e9ry Montpellier 3):<br \/>\nL&#8217;hebdomadaire fran\u00e7ais en miroir: le dispositif de la couverture photographique dans les ann\u00e9es 1930 (Vu, Voil\u00e0, D\u00e9tective)<\/td>\n<\/tr>\n<tr>\n<td>10:40-11:20<\/td>\n<td><\/td>\n<td><strong>Stephen Donovan<\/strong> (Uppsala University):<br \/>\nIndexicality and the Newspaper Crosshead in Britain, 1881-1890<\/td>\n<\/tr>\n<tr>\n<td><\/td>\n<td><\/td>\n<td><em>\u00a030\u00a0Min. Coffee break<\/em><\/td>\n<\/tr>\n<tr>\n<td>11:50-12:30<\/td>\n<td><\/td>\n<td><strong>Maria Damkj\u00e6r<\/strong> (University of Copenhagen):<br \/>\nThe Page Filler<\/td>\n<\/tr>\n<tr>\n<td>12:30-13:10<\/td>\n<td><\/td>\n<td><strong>Carole O\u2019Reilly<\/strong> (University of Salford, Manchester):<br \/>\nLanterns and Jackdaws: Visual representations of the city in nineteenth century British satirical periodicals<\/td>\n<\/tr>\n<tr>\n<td><\/td>\n<td><\/td>\n<td><em>Lunch break<\/em><\/td>\n<\/tr>\n<tr>\n<td><\/td>\n<td><\/td>\n<td><\/td>\n<\/tr>\n<tr>\n<td>\n<h3><span style=\"color: #4c928c;\">Panel 4<\/span><\/h3>\n<\/td>\n<td><\/td>\n<td>\n<h3><span style=\"color: #4c928c;\">Medienformatwechsel: zwischen Buch und Journal | Change of media formats:\u00a0 between book and journal<\/span><\/h3>\n<\/td>\n<\/tr>\n<tr>\n<td><span style=\"color: #000000;\">14:30-15:10<\/span><\/td>\n<td><\/td>\n<td><span style=\"color: #000000;\"><strong>Bernhard Metz<\/strong> (Freie Universit\u00e4t Berlin):<br \/>\nDer Fortsetzungs-\/Feuilletonroman als europ\u00e4isches Publikationsereignis: Br\u00fcche und Kontinuit\u00e4ten<\/span><\/td>\n<\/tr>\n<tr>\n<td>15:10-15:50<\/td>\n<td><\/td>\n<td><span style=\"color: #000000;\"><strong>Madleen Podewski<\/strong> (Freie Universit\u00e4t Berlin):<br \/>\n&#8220;Was aber sch\u00f6n ist, selig scheint es (nicht) in ihm selbst&#8221;. Was wird aus M\u00f6rikes <em>Auf eine Lampe<\/em> in Zeitung und Buch?<\/span><\/td>\n<\/tr>\n<tr>\n<td><\/td>\n<td><\/td>\n<td><span style=\"color: #000000;\"><em>30\u00a0Min. Coffee break<\/em><\/span><\/td>\n<\/tr>\n<tr>\n<td>16:20-17:00<\/td>\n<td><\/td>\n<td><strong>Felix Koltermann<\/strong> (Universit\u00e4t Hildesheim):<br \/>\nDie hybride Doppelseite. Fotografische K\u00fcnstlerb\u00fccher im Zeitungsdruck<\/td>\n<\/tr>\n<tr>\n<td><\/td>\n<td><\/td>\n<td><\/td>\n<\/tr>\n<tr>\n<td>\n<h3><span style=\"color: #4c928c;\">Panel 5<\/span><strong><span style=\"color: #4c928c;\"><br \/>\n<\/span><\/strong><\/h3>\n<\/td>\n<td><\/td>\n<td>\n<h3><span style=\"color: #4c928c;\">Stofflichkeit, R\u00e4umlichkeit, Handhabung der Seite | Materiality of the page<\/span><\/h3>\n<\/td>\n<\/tr>\n<tr>\n<td>17:00-17:40<\/td>\n<td><\/td>\n<td><strong>Christian Bachmann<\/strong> (Ruhr-Universit\u00e4t Bochum):<br \/>\nMehr als multimodal: Materialit\u00e4t und Performativit\u00e4t der illustrierten Satirezeitschrift des 19. Jahrhunderts<\/td>\n<\/tr>\n<tr>\n<td><\/td>\n<td><\/td>\n<td><span style=\"color: #000000;\"><em>30\u00a0Min. Coffee break<\/em><\/span><\/td>\n<\/tr>\n<tr>\n<td>18:10-18:50<\/td>\n<td><\/td>\n<td><strong>Andreas Beck<\/strong> (Ruhr-Universit\u00e4t Bochum):<br \/>\nEinst\u00fcrzende Schriftbauten, L\u00f6cher im Text und durchscheinender Satz \u2013 von der Produktivit\u00e4t semiopaken Papiers im illustrierten Journal<\/td>\n<\/tr>\n<tr>\n<td>18:50-19:30<\/td>\n<td><\/td>\n<td><strong>Vance Byrd<\/strong> (Grinnell College, Iowa):<br \/>\nLese- und Handarbeiten: Illustrated German Fashion Journals and Sewing in the Nineteenth Century<\/td>\n<\/tr>\n<tr>\n<td>20:00<\/td>\n<td><\/td>\n<td><em>Dinner (Speakers &amp; research unit members only)<\/em><\/td>\n<\/tr>\n<\/tbody>\n<\/table>\n<h2>Samstag | Saturday, 25.11.2017<\/h2>\n<table style=\"height: 220px;\" width=\"600\" cellspacing=\"5\" cellpadding=\"5\">\n<tbody>\n<tr>\n<td style=\"width: 80px;\">\n<h3><span style=\"color: #4c928c;\">Panel 6<\/span><\/h3>\n<\/td>\n<td><\/td>\n<td>\n<h3><span style=\"color: #4c928c;\">Ideologische Formatierungen | Ideological implications of formatting<\/span><\/h3>\n<\/td>\n<\/tr>\n<tr>\n<td>10:00-10:40<\/td>\n<td><\/td>\n<td><strong>Katharina Eck<\/strong> (Universit\u00e4t Bremen):<br \/>\nZeigestrategien fr\u00fcher Mode- und Haus(frauen)journale \u2013 vom Journal des Luxus und der Moden bis zur Gartenlaube. Text-Bild-Gef\u00fcge und visuelle Marker auf gestalteten Seiten der Familienpolitik und Wohnerziehung<\/td>\n<\/tr>\n<tr>\n<td>10:40-11:20<\/td>\n<td><\/td>\n<td><strong>Nicola Kaminski<\/strong> (Ruhr-Universit\u00e4t Bochum):<br \/>\nDie Quartseite als &#8220;Kampfplatz&#8221;. Der Dresdner <em>Ph\u00f6bus. Ein Journal f\u00fcr die Kunst<\/em> als typographischer Gegenschauplatz zur &#8220;B\u00fchne von Weimar&#8221;<\/td>\n<\/tr>\n<tr>\n<td><\/td>\n<td><\/td>\n<td><em>\u00a030\u00a0Min. Coffee break<\/em><\/td>\n<\/tr>\n<tr>\n<td>11:50-12:30<\/td>\n<td><\/td>\n<td><strong>Jennifer A. Greenhill<\/strong> (University of Southern California, Los Angeles):<br \/>\nSelling Structure: The Periodical Page as Sales Interface<\/td>\n<\/tr>\n<tr>\n<td>12:30-13:10<\/td>\n<td><\/td>\n<td><strong>Christine Woody<\/strong> (University of Pennsylvania, Philadelphia):<br \/>\nPerforming Radicalism in the Unstamped Periodicals of Romantic Britain<\/td>\n<\/tr>\n<tr>\n<td><\/td>\n<td><\/td>\n<td><em>Farewell<\/em><\/td>\n<\/tr>\n<\/tbody>\n<\/table>\n","protected":false},"excerpt":{"rendered":"<p>International Conference of the DFG research unit \u201cJournalliteratur\u201c 23.-25. November 2017,\u00a0Philipps-Universit\u00e4t Marburg (Germany) Programme (PDF) Book of Abstracts (PDF) Donnerstag | Thursday, 23.11.2017 13:00<\/p>\n","protected":false},"author":17,"featured_media":0,"parent":532,"menu_order":0,"comment_status":"closed","ping_status":"closed","template":"","meta":{"footnotes":""},"class_list":["post-990","page","type-page","status-publish","hentry"],"translation":{"provider":"WPGlobus","version":"3.0.2","language":"gb","enabled_languages":["de","gb"],"languages":{"de":{"title":true,"content":true,"excerpt":false},"gb":{"title":true,"content":true,"excerpt":false}}},"yoast_head":"<!-- This site is optimized with the Yoast SEO plugin v27.3 - https:\/\/yoast.com\/product\/yoast-seo-wordpress\/ -->\n<title>Programme - Journalliteratur<\/title>\n<meta name=\"robots\" content=\"index, follow, max-snippet:-1, max-image-preview:large, max-video-preview:-1\" \/>\n<link rel=\"canonical\" href=\"https:\/\/journalliteratur.blogs.ruhr-uni-bochum.de\/gb\/veranstaltungen\/konferenzen\/visual-design\/programm\/\" \/>\n<meta property=\"og:locale\" content=\"en_GB\" \/>\n<meta property=\"og:type\" content=\"article\" \/>\n<meta property=\"og:title\" content=\"Programme - Journalliteratur\" \/>\n<meta property=\"og:url\" content=\"https:\/\/journalliteratur.blogs.ruhr-uni-bochum.de\/gb\/veranstaltungen\/konferenzen\/visual-design\/programm\/\" \/>\n<meta property=\"og:site_name\" content=\"Journalliteratur\" \/>\n<meta property=\"article:modified_time\" content=\"2017-11-09T10:52:52+00:00\" \/>\n<meta name=\"twitter:card\" content=\"summary_large_image\" \/>\n<meta name=\"twitter:label1\" content=\"Estimated reading time\" \/>\n\t<meta name=\"twitter:data1\" content=\"6 minutes\" \/>\n<script type=\"application\/ld+json\" class=\"yoast-schema-graph\">{\"@context\":\"https:\\\/\\\/schema.org\",\"@graph\":[{\"@type\":\"WebPage\",\"@id\":\"https:\\\/\\\/journalliteratur.blogs.ruhr-uni-bochum.de\\\/gb\\\/veranstaltungen\\\/konferenzen\\\/visual-design\\\/programm\\\/\",\"url\":\"https:\\\/\\\/journalliteratur.blogs.ruhr-uni-bochum.de\\\/gb\\\/veranstaltungen\\\/konferenzen\\\/visual-design\\\/programm\\\/\",\"name\":\"Programme - Journalliteratur\",\"isPartOf\":{\"@id\":\"https:\\\/\\\/journalliteratur.blogs.ruhr-uni-bochum.de\\\/gb\\\/#website\"},\"datePublished\":\"2017-07-29T09:38:50+00:00\",\"dateModified\":\"2017-11-09T10:52:52+00:00\",\"breadcrumb\":{\"@id\":\"https:\\\/\\\/journalliteratur.blogs.ruhr-uni-bochum.de\\\/gb\\\/veranstaltungen\\\/konferenzen\\\/visual-design\\\/programm\\\/#breadcrumb\"},\"inLanguage\":\"en-GB\",\"potentialAction\":[{\"@type\":\"ReadAction\",\"target\":[\"https:\\\/\\\/journalliteratur.blogs.ruhr-uni-bochum.de\\\/gb\\\/veranstaltungen\\\/konferenzen\\\/visual-design\\\/programm\\\/\"]}]},{\"@type\":\"BreadcrumbList\",\"@id\":\"https:\\\/\\\/journalliteratur.blogs.ruhr-uni-bochum.de\\\/gb\\\/veranstaltungen\\\/konferenzen\\\/visual-design\\\/programm\\\/#breadcrumb\",\"itemListElement\":[{\"@type\":\"ListItem\",\"position\":1,\"name\":\"Startseite\",\"item\":\"https:\\\/\\\/journalliteratur.blogs.ruhr-uni-bochum.de\\\/gb\\\/\"},{\"@type\":\"ListItem\",\"position\":2,\"name\":\"Veranstaltungen\",\"item\":\"https:\\\/\\\/journalliteratur.blogs.ruhr-uni-bochum.de\\\/veranstaltungen\\\/\"},{\"@type\":\"ListItem\",\"position\":3,\"name\":\"Konferenzen\",\"item\":\"https:\\\/\\\/journalliteratur.blogs.ruhr-uni-bochum.de\\\/veranstaltungen\\\/konferenzen\\\/\"},{\"@type\":\"ListItem\",\"position\":4,\"name\":\"Visual design: the periodical page as a designed surface\",\"item\":\"https:\\\/\\\/journalliteratur.blogs.ruhr-uni-bochum.de\\\/gb\\\/veranstaltungen\\\/konferenzen\\\/visual-design\\\/\"},{\"@type\":\"ListItem\",\"position\":5,\"name\":\"Programme\"}]},{\"@type\":\"WebSite\",\"@id\":\"https:\\\/\\\/journalliteratur.blogs.ruhr-uni-bochum.de\\\/gb\\\/#website\",\"url\":\"https:\\\/\\\/journalliteratur.blogs.ruhr-uni-bochum.de\\\/gb\\\/\",\"name\":\"Journalliteratur\",\"description\":\"Formatbedingungen, visuelles Design, Rezeptionskulturen\",\"publisher\":{\"@id\":\"https:\\\/\\\/journalliteratur.blogs.ruhr-uni-bochum.de\\\/gb\\\/#organization\"},\"potentialAction\":[{\"@type\":\"SearchAction\",\"target\":{\"@type\":\"EntryPoint\",\"urlTemplate\":\"https:\\\/\\\/journalliteratur.blogs.ruhr-uni-bochum.de\\\/gb\\\/?s={search_term_string}\"},\"query-input\":{\"@type\":\"PropertyValueSpecification\",\"valueRequired\":true,\"valueName\":\"search_term_string\"}}],\"inLanguage\":\"en-GB\"},{\"@type\":\"Organization\",\"@id\":\"https:\\\/\\\/journalliteratur.blogs.ruhr-uni-bochum.de\\\/gb\\\/#organization\",\"name\":\"DFG-Forschergruppe 2288: Journalliteratur\",\"url\":\"https:\\\/\\\/journalliteratur.blogs.ruhr-uni-bochum.de\\\/gb\\\/\",\"logo\":{\"@type\":\"ImageObject\",\"inLanguage\":\"en-GB\",\"@id\":\"https:\\\/\\\/journalliteratur.blogs.ruhr-uni-bochum.de\\\/gb\\\/#\\\/schema\\\/logo\\\/image\\\/\",\"url\":\"https:\\\/\\\/journalliteratur.blogs.ruhr-uni-bochum.de\\\/wp-content\\\/uploads\\\/2016\\\/08\\\/cropped-fg_journal_logo_blaetter_icon.png\",\"contentUrl\":\"https:\\\/\\\/journalliteratur.blogs.ruhr-uni-bochum.de\\\/wp-content\\\/uploads\\\/2016\\\/08\\\/cropped-fg_journal_logo_blaetter_icon.png\",\"width\":512,\"height\":512,\"caption\":\"DFG-Forschergruppe 2288: Journalliteratur\"},\"image\":{\"@id\":\"https:\\\/\\\/journalliteratur.blogs.ruhr-uni-bochum.de\\\/gb\\\/#\\\/schema\\\/logo\\\/image\\\/\"}}]}<\/script>\n<!-- \/ Yoast SEO plugin. -->","yoast_head_json":{"title":"Programme - Journalliteratur","robots":{"index":"index","follow":"follow","max-snippet":"max-snippet:-1","max-image-preview":"max-image-preview:large","max-video-preview":"max-video-preview:-1"},"canonical":"https:\/\/journalliteratur.blogs.ruhr-uni-bochum.de\/gb\/veranstaltungen\/konferenzen\/visual-design\/programm\/","og_locale":"en_GB","og_type":"article","og_title":"Programme - Journalliteratur","og_url":"https:\/\/journalliteratur.blogs.ruhr-uni-bochum.de\/gb\/veranstaltungen\/konferenzen\/visual-design\/programm\/","og_site_name":"Journalliteratur","article_modified_time":"2017-11-09T10:52:52+00:00","twitter_card":"summary_large_image","twitter_misc":{"Estimated reading time":"6 minutes"},"schema":{"@context":"https:\/\/schema.org","@graph":[{"@type":"WebPage","@id":"https:\/\/journalliteratur.blogs.ruhr-uni-bochum.de\/gb\/veranstaltungen\/konferenzen\/visual-design\/programm\/","url":"https:\/\/journalliteratur.blogs.ruhr-uni-bochum.de\/gb\/veranstaltungen\/konferenzen\/visual-design\/programm\/","name":"Programme - Journalliteratur","isPartOf":{"@id":"https:\/\/journalliteratur.blogs.ruhr-uni-bochum.de\/gb\/#website"},"datePublished":"2017-07-29T09:38:50+00:00","dateModified":"2017-11-09T10:52:52+00:00","breadcrumb":{"@id":"https:\/\/journalliteratur.blogs.ruhr-uni-bochum.de\/gb\/veranstaltungen\/konferenzen\/visual-design\/programm\/#breadcrumb"},"inLanguage":"en-GB","potentialAction":[{"@type":"ReadAction","target":["https:\/\/journalliteratur.blogs.ruhr-uni-bochum.de\/gb\/veranstaltungen\/konferenzen\/visual-design\/programm\/"]}]},{"@type":"BreadcrumbList","@id":"https:\/\/journalliteratur.blogs.ruhr-uni-bochum.de\/gb\/veranstaltungen\/konferenzen\/visual-design\/programm\/#breadcrumb","itemListElement":[{"@type":"ListItem","position":1,"name":"Startseite","item":"https:\/\/journalliteratur.blogs.ruhr-uni-bochum.de\/gb\/"},{"@type":"ListItem","position":2,"name":"Veranstaltungen","item":"https:\/\/journalliteratur.blogs.ruhr-uni-bochum.de\/veranstaltungen\/"},{"@type":"ListItem","position":3,"name":"Konferenzen","item":"https:\/\/journalliteratur.blogs.ruhr-uni-bochum.de\/veranstaltungen\/konferenzen\/"},{"@type":"ListItem","position":4,"name":"Visual design: the periodical page as a designed surface","item":"https:\/\/journalliteratur.blogs.ruhr-uni-bochum.de\/gb\/veranstaltungen\/konferenzen\/visual-design\/"},{"@type":"ListItem","position":5,"name":"Programme"}]},{"@type":"WebSite","@id":"https:\/\/journalliteratur.blogs.ruhr-uni-bochum.de\/gb\/#website","url":"https:\/\/journalliteratur.blogs.ruhr-uni-bochum.de\/gb\/","name":"Journalliteratur","description":"Formatbedingungen, visuelles Design, Rezeptionskulturen","publisher":{"@id":"https:\/\/journalliteratur.blogs.ruhr-uni-bochum.de\/gb\/#organization"},"potentialAction":[{"@type":"SearchAction","target":{"@type":"EntryPoint","urlTemplate":"https:\/\/journalliteratur.blogs.ruhr-uni-bochum.de\/gb\/?s={search_term_string}"},"query-input":{"@type":"PropertyValueSpecification","valueRequired":true,"valueName":"search_term_string"}}],"inLanguage":"en-GB"},{"@type":"Organization","@id":"https:\/\/journalliteratur.blogs.ruhr-uni-bochum.de\/gb\/#organization","name":"DFG-Forschergruppe 2288: Journalliteratur","url":"https:\/\/journalliteratur.blogs.ruhr-uni-bochum.de\/gb\/","logo":{"@type":"ImageObject","inLanguage":"en-GB","@id":"https:\/\/journalliteratur.blogs.ruhr-uni-bochum.de\/gb\/#\/schema\/logo\/image\/","url":"https:\/\/journalliteratur.blogs.ruhr-uni-bochum.de\/wp-content\/uploads\/2016\/08\/cropped-fg_journal_logo_blaetter_icon.png","contentUrl":"https:\/\/journalliteratur.blogs.ruhr-uni-bochum.de\/wp-content\/uploads\/2016\/08\/cropped-fg_journal_logo_blaetter_icon.png","width":512,"height":512,"caption":"DFG-Forschergruppe 2288: Journalliteratur"},"image":{"@id":"https:\/\/journalliteratur.blogs.ruhr-uni-bochum.de\/gb\/#\/schema\/logo\/image\/"}}]}},"_links":{"self":[{"href":"https:\/\/journalliteratur.blogs.ruhr-uni-bochum.de\/gb\/wp-json\/wp\/v2\/pages\/990","targetHints":{"allow":["GET"]}}],"collection":[{"href":"https:\/\/journalliteratur.blogs.ruhr-uni-bochum.de\/gb\/wp-json\/wp\/v2\/pages"}],"about":[{"href":"https:\/\/journalliteratur.blogs.ruhr-uni-bochum.de\/gb\/wp-json\/wp\/v2\/types\/page"}],"author":[{"embeddable":true,"href":"https:\/\/journalliteratur.blogs.ruhr-uni-bochum.de\/gb\/wp-json\/wp\/v2\/users\/17"}],"replies":[{"embeddable":true,"href":"https:\/\/journalliteratur.blogs.ruhr-uni-bochum.de\/gb\/wp-json\/wp\/v2\/comments?post=990"}],"version-history":[{"count":56,"href":"https:\/\/journalliteratur.blogs.ruhr-uni-bochum.de\/gb\/wp-json\/wp\/v2\/pages\/990\/revisions"}],"predecessor-version":[{"id":1619,"href":"https:\/\/journalliteratur.blogs.ruhr-uni-bochum.de\/gb\/wp-json\/wp\/v2\/pages\/990\/revisions\/1619"}],"up":[{"embeddable":true,"href":"https:\/\/journalliteratur.blogs.ruhr-uni-bochum.de\/gb\/wp-json\/wp\/v2\/pages\/532"}],"wp:attachment":[{"href":"https:\/\/journalliteratur.blogs.ruhr-uni-bochum.de\/gb\/wp-json\/wp\/v2\/media?parent=990"}],"curies":[{"name":"wp","href":"https:\/\/api.w.org\/{rel}","templated":true}]}}