{"id":1510,"date":"2018-04-11T15:41:51","date_gmt":"2018-04-11T13:41:51","guid":{"rendered":"https:\/\/journalliteratur.blogs.ruhr-uni-bochum.de\/?page_id=1510"},"modified":"2018-09-14T09:52:43","modified_gmt":"2018-09-14T07:52:43","slug":"programm","status":"publish","type":"page","link":"https:\/\/journalliteratur.blogs.ruhr-uni-bochum.de\/gb\/veranstaltungen\/konferenzen\/lektuereabbruch-anschlusslektueren-journale-lesen\/programm\/","title":{"rendered":"Programme"},"content":{"rendered":"<h4>Internationale Tagung der DFG-Forschergruppe \u201eJournalliteratur\u201c<\/h4>\n<h5>17.-19. September 2018, Ruhr-Universit\u00e4t Bochum (Germany)<strong><br \/>\n<\/strong><\/h5>\n\n<table id=\"tablepress-14\" class=\"tablepress tablepress-id-14\">\n<tbody class=\"row-striping\">\n<tr class=\"row-1\">\n\t<td class=\"column-1\"><a href=\"https:\/\/journalliteratur.blogs.ruhr-uni-bochum.de\/gb\/veranstaltungen\/konferenzen\/lektuereabbruch-anschlusslektueren-journale-lesen\/programm\/\">Programme<\/a><\/td><td class=\"column-2\"><a href=\"https:\/\/journalliteratur.blogs.ruhr-uni-bochum.de\/gb\/veranstaltungen\/konferenzen\/lektuereabbruch-anschlusslektueren-journale-lesen\/cfp-lektuereabbruch-anschlusslektueren\/\">CfP<\/a><\/td><td class=\"column-3\"><a href=\"https:\/\/journalliteratur.blogs.ruhr-uni-bochum.de\/gb\/veranstaltungen\/konferenzen\/lektuereabbruch-anschlusslektueren-journale-lesen\/anmeldung\/\">Anmeldung<\/a><\/td><td class=\"column-4\"><a href=\"https:\/\/journalliteratur.blogs.ruhr-uni-bochum.de\/gb\/veranstaltungen\/konferenzen\/lektuereabbruch-anschlusslektueren-journale-lesen\/location-anfahrt-bochum\/\">Location &amp; Anfahrt<\/a><\/td><td class=\"column-5\"><a href=\"https:\/\/journalliteratur.blogs.ruhr-uni-bochum.de\/gb\/veranstaltungen\/konferenzen\/lektuereabbruch-anschlusslektueren-journale-lesen\/unterkunft-bochum\/\">Unterkunft<\/a><\/td><td class=\"column-6\"><a href=\"https:\/\/journalliteratur.blogs.ruhr-uni-bochum.de\/gb\/veranstaltungen\/konferenzen\/lektuereabbruch-anschlusslektueren-journale-lesen\/kontakt\/\">Kontakt<\/a><\/td>\n<\/tr>\n<\/tbody>\n<\/table>\n<!-- #tablepress-14 from cache -->\n<p>The conference will last from monday lunchtime to wednesday early afternoon. Further informations will follow within the next weeks.<\/p>\n<h2>Montag | Monday, 17.9.2018<\/h2>\n<table style=\"height: 220px;\" width=\"600\" cellspacing=\"5\" cellpadding=\"5\">\n<tbody>\n<tr>\n<td>12:30<\/td>\n<td><\/td>\n<td><em>Anmeldung | Registration<\/em><\/td>\n<\/tr>\n<tr>\n<td>13:30<\/td>\n<td><\/td>\n<td><strong>Nicola Kaminski, Volker Mergenthaler, Monika Schmitz-Emans<\/strong>:<br \/>\nWelcome &amp; Opening Remarks<\/td>\n<\/tr>\n<tr>\n<td><\/td>\n<td><\/td>\n<td><\/td>\n<\/tr>\n<tr>\n<td style=\"width: 80px;\">\n<h3><span style=\"color: #4c928c;\">Panel\u00a01<\/span><\/h3>\n<\/td>\n<td><\/td>\n<td>\n<h3><span style=\"color: #4c928c;\">Zeitschrift und Zeitmanagement | Periodical Time Management<\/span><\/h3>\n<\/td>\n<\/tr>\n<tr>\n<td style=\"width: 80px;\"><\/td>\n<td><\/td>\n<td><span style=\"color: #4c928c;\"><span style=\"color: #000000;\">Chair: Jens Ruchatz (Marburg)<\/span><br \/>\n<\/span><\/td>\n<\/tr>\n<tr>\n<td>14:00-14:40<\/td>\n<td><\/td>\n<td><strong>Laurel Brake\u00a0<\/strong>(London):<br \/>\nTime Management: The Economy of Interruption<\/td>\n<\/tr>\n<tr>\n<td>14:40-15:20<\/td>\n<td><\/td>\n<td><strong>Christine Woody<\/strong>\u00a0(Pennsylvania):<br \/>\nProblems of professional readers: How the pressures of periodical production impact the practice of book reviewing in Romantic Britain \u2013 A case study of the <em>Quarterly Review<\/em><\/td>\n<\/tr>\n<tr>\n<td><\/td>\n<td><\/td>\n<td><em>\u00a030\u00a0Min. Coffee Break<\/em><\/td>\n<\/tr>\n<tr>\n<td>15:50-16:30<\/td>\n<td><\/td>\n<td><strong>Tom Gretton <\/strong>(London):<br \/>\n\u2018\u00c0 la remorque de l\u2019actualit\u00e9\u2019: the r\u00e9dacteurs of the Monde illustr\u00e9 explain postponements and interruptions to their readers in the 1870s<\/td>\n<\/tr>\n<tr>\n<td>16:30-17:10<\/td>\n<td><\/td>\n<td><strong>Karen E. Williams<\/strong>:<br \/>\nCreating the Annuals: Space, Time and the Juvenile Reader<\/td>\n<\/tr>\n<tr>\n<td><\/td>\n<td><\/td>\n<td><em>30\u00a0Min. Coffee Break<\/em><\/td>\n<\/tr>\n<tr>\n<td><\/td>\n<td><\/td>\n<td><\/td>\n<\/tr>\n<tr>\n<td>\n<h3><span style=\"color: #4c928c;\">Panel 2<\/span><strong><span style=\"color: #4c928c;\"><br \/>\n<\/span><\/strong><\/h3>\n<\/td>\n<td><\/td>\n<td>\n<h3><span style=\"color: #4c928c;\">Journale lesen: Methodische und theoretische Konzeptionalisierungen | Reading Periodicals: Methodological and Theoretical Approaches<\/span><\/h3>\n<\/td>\n<\/tr>\n<tr>\n<td><\/td>\n<td><\/td>\n<td><span style=\"color: #4c928c;\"><span style=\"color: #000000;\">Chair: Christian Bachmann (Bochum)<\/span><br \/>\n<\/span><\/td>\n<\/tr>\n<tr>\n<td><span style=\"color: #000000;\">17:40-18:20<\/span><\/td>\n<td><\/td>\n<td><span style=\"color: #000000;\"><strong>Anton Pluschke<\/strong>\u00a0(Princeton):<br \/>\nReading everything. A format theory of coherence and openness<br \/>\n<\/span><\/td>\n<\/tr>\n<tr>\n<td><span style=\"color: #000000;\">18:20-19:00<\/span><\/td>\n<td><\/td>\n<td><span style=\"color: #000000;\"><strong>Matthew Philpotts\u00a0<\/strong>(Liverpool):<br \/>\nReading Journal Textures: The German Literary World in 1930<br \/>\n<\/span><\/td>\n<\/tr>\n<tr>\n<td><span style=\"color: #000000;\">19:00-19:40<\/span><\/td>\n<td><\/td>\n<td><span style=\"color: #000000;\"><strong>Thomas Metten <\/strong>(Passau):<strong><br \/>\n<\/strong>Zersprengte Lektu\u0308rewege. \u00dcberlegungen zu einer non-dualistischen Medientheorie an der Schnittstelle von Materialit\u00e4t &amp; Sinn<strong><br \/>\n<\/strong><\/span><\/td>\n<\/tr>\n<tr>\n<td><\/td>\n<td><\/td>\n<td><em>Empfang | Reception<\/em><\/td>\n<\/tr>\n<\/tbody>\n<\/table>\n<h2>Dienstag | Tuesday, 18.9.2018<\/h2>\n<table style=\"height: 220px;\" width=\"600\" cellspacing=\"5\" cellpadding=\"5\">\n<tbody>\n<tr>\n<td style=\"width: 80px;\">\n<h3><span style=\"color: #4c928c;\">Panel 3<\/span><strong><span style=\"color: #4c928c;\"><br \/>\n<\/span><\/strong><\/h3>\n<\/td>\n<td><\/td>\n<td>\n<h3><span style=\"color: #4c928c;\">Journale lesen \u2013 Illustrationen lesen | Reading periodicals \u2013 Reading illustrations<\/span><\/h3>\n<\/td>\n<\/tr>\n<tr>\n<td style=\"width: 80px;\"><\/td>\n<td><\/td>\n<td><span style=\"color: #000000;\">Chair: Andreas Beck (Bochum)<\/span><\/td>\n<\/tr>\n<tr>\n<td>09:30-10:10<\/td>\n<td><\/td>\n<td><strong>Monika Schmitz-Emans\u00a0<\/strong>(Bochum):<br \/>\nFamiliengeschichten: \u00dcber visuelle Inszenierungen und Funktionen gezeichneter Familien in humoristisch-satirischen Bl\u00e4ttern und in Zeitungscomics<\/td>\n<\/tr>\n<tr>\n<td>10:10-10:50<\/td>\n<td><\/td>\n<td><strong>Ellen Barth\u00a0<\/strong>(M\u00fcnster):<br \/>\nPermeable Borders: Transnational Journal Illustrations of the 19th Century<\/td>\n<\/tr>\n<tr>\n<td><\/td>\n<td><\/td>\n<td><em>\u00a030\u00a0Min. Coffee break<\/em><\/td>\n<\/tr>\n<tr>\n<td>11:20-12:00<\/td>\n<td><\/td>\n<td><strong>Katharina Eck\u00a0<\/strong>(Bremen):<br \/>\nInterrupted Readings of Carnival \u2013 Strategies of Visual and Narrative Repetition and\/as Reinvention in the Journal of Luxury and Fashion, 1787-1790<\/td>\n<\/tr>\n<tr>\n<td>12:00-12:40<\/td>\n<td><\/td>\n<td><strong>Vincent Fr\u00f6hlich \/\u00a0<\/strong><strong>Jens Ruchatz<\/strong><strong style=\"font-family: inherit; font-size: inherit;\">\u00a0<\/strong><span style=\"font-family: inherit; font-size: inherit;\">(Marburg):<\/span><strong><br \/>\n<\/strong>Flow of fragments. Separating and connecting photographic pictures and texts in illustrated magazines<\/td>\n<\/tr>\n<tr>\n<td><\/td>\n<td><\/td>\n<td><em>Lunch Break<\/em><\/td>\n<\/tr>\n<tr>\n<td><\/td>\n<td><\/td>\n<td><\/td>\n<\/tr>\n<tr>\n<td>\n<h3><span style=\"color: #4c928c;\">Panel 4<\/span><strong><span style=\"color: #4c928c;\"><br \/>\n<\/span><\/strong><\/h3>\n<\/td>\n<td><\/td>\n<td>\n<h3><span style=\"color: #4c928c;\">Journallekt\u00fcre und Kulturpraktiken | Reading Journals and Cultural Practices<\/span><\/h3>\n<\/td>\n<\/tr>\n<tr>\n<td><\/td>\n<td><\/td>\n<td><span style=\"color: #000000;\">Chair: Daniela Gretz (K\u00f6ln)<\/span><\/td>\n<\/tr>\n<tr>\n<td><span style=\"color: #000000;\">14:00-14:40<\/span><\/td>\n<td><\/td>\n<td><span style=\"color: #000000;\"><strong>Florian Kappeler <\/strong>(G\u00f6ttingen):<br \/>\nMedien der Revolution. Historisch-politische Zeitschriften zwischen Aktualit\u00e4t und Archiv, 1791-1840<br \/>\n<\/span><\/td>\n<\/tr>\n<tr>\n<td>14:40-15:20<\/td>\n<td><\/td>\n<td><span style=\"color: #000000;\"><strong>Kristina Kuhn <\/strong>(Erfurt):<br \/>\nKulturtechniken von Journal und Enzyklop\u00e4die<br \/>\n<\/span><\/td>\n<\/tr>\n<tr>\n<td><\/td>\n<td><\/td>\n<td><span style=\"color: #000000;\"><em>30\u00a0Min. Coffee Break<\/em><\/span><\/td>\n<\/tr>\n<tr>\n<td><\/td>\n<td><\/td>\n<td><\/td>\n<\/tr>\n<tr>\n<td>\n<h3><span style=\"color: #4c928c;\">Panel 5<\/span><strong><span style=\"color: #4c928c;\"><br \/>\n<\/span><\/strong><\/h3>\n<\/td>\n<td><\/td>\n<td>\n<h3><span style=\"color: #4c928c;\">Journalliterarische Genres: \u00dcberg\u00e4nge und Anschl\u00fcsse | Periodical Genres: Transitions and Continuities<\/span><\/h3>\n<\/td>\n<\/tr>\n<tr>\n<td><\/td>\n<td><\/td>\n<td><span style=\"color: #000000;\">Chair: Nora Ramtke (Bochum)<\/span><\/td>\n<\/tr>\n<tr>\n<td>15:50-16:30<\/td>\n<td><\/td>\n<td><strong>Hannes Fischer <\/strong>(HU Berlin):<br \/>\nKorrespondenten. Der Brief in der Kulturzeitschrift um 1800<\/td>\n<\/tr>\n<tr>\n<td>16:30-17:10<\/td>\n<td><\/td>\n<td><strong>Marcus Krause <\/strong>(K\u00f6ln):<strong><br \/>\n<\/strong>\u00dcber das Miscellentheater. Zu Kleists Mikro\u00e4sthetik des Ereignishaften in den Berliner Abendbl\u00e4ttern<\/td>\n<\/tr>\n<tr>\n<td><\/td>\n<td><\/td>\n<td><span style=\"color: #000000;\"><em>30\u00a0Min. Coffee Break<\/em><\/span><\/td>\n<\/tr>\n<tr>\n<td>17:40-18:20<\/td>\n<td><\/td>\n<td><strong>Katharina Grabbe <\/strong>(M\u00fcnster):<br \/>\nAn- und Aufschl\u00fcsse des Aktuellen. Zum Feuilletonroman Leben und Thaten des ber\u00fchmten Ritters Schnapphahnski in der Neuen Rheinischen Zeitung (1848\/49)<\/td>\n<\/tr>\n<tr>\n<td>18:20-19:00<\/td>\n<td><\/td>\n<td><strong>David Brehm<\/strong>\u00a0(Marburg):<br \/>\n\u201eEr kommt!\u201c, \u201eEr kommt!\u201c, \u201eEr kommt!\u201c<br \/>\nWie der \u201e16. Junius 1814\u201c in den Wiener Friedensbl\u00e4ttern in Serie geht<\/td>\n<\/tr>\n<tr>\n<td>20:00<\/td>\n<td><\/td>\n<td><em>Dinner (Speakers &amp; research unit members only)<\/em><\/td>\n<\/tr>\n<\/tbody>\n<\/table>\n<h2>Mittwoch | Wednesday, 19.9.2018<\/h2>\n<table style=\"height: 220px;\" width=\"600\" cellspacing=\"5\" cellpadding=\"5\">\n<tbody>\n<tr>\n<td style=\"width: 80px;\">\n<h3><span style=\"color: #4c928c;\">Panel 6<\/span><\/h3>\n<\/td>\n<td><\/td>\n<td>\n<h3><span style=\"color: #4c928c;\">Koh\u00e4renz und Brechung: Journale und kulturelle Identit\u00e4ten | Coherence and Discontinuity: Periodicals and Cultural Identities<\/span><\/h3>\n<\/td>\n<\/tr>\n<tr>\n<td style=\"width: 80px;\"><\/td>\n<td><\/td>\n<td><span style=\"color: #4c928c;\"><span style=\"color: #000000;\">Chair: Volker Mergenthaler (Marburg)<\/span><br \/>\n<\/span><\/td>\n<\/tr>\n<tr>\n<td>09:30-10:10<\/td>\n<td><\/td>\n<td><strong>Barbara Winckler <\/strong>(M\u00fcnster):<br \/>\nProducing Coherence, Involving the Reader, Building Communities: Textual and Medial Strategies in late 19th- and early 20th-Century Arabic Periodicals<\/td>\n<\/tr>\n<tr>\n<td>10:10-10:50<\/td>\n<td><\/td>\n<td><strong>Laurance Danguy <\/strong>(Lausanne):<br \/>\n\u00d6konomie und Semantik der illustrierten Zeitschrift im deutsch-franz\u00f6sischen Raum um 1900<\/td>\n<\/tr>\n<tr>\n<td>10:50-11:30<\/td>\n<td><\/td>\n<td><strong>Laure Henri-Garand <\/strong>(Montr\u00e9al):<br \/>\nRival Narratives and Narratives of Rivalry : Serial and Discontinuous Reading in French-Canadian Sports Column at the Turn of the Century (1890-1900)<\/td>\n<\/tr>\n<tr>\n<td><\/td>\n<td><\/td>\n<td><em>30 Min. Coffee Break<\/em><\/td>\n<\/tr>\n<\/tbody>\n<\/table>\n<table style=\"height: 220px;\" width=\"600\" cellspacing=\"5\" cellpadding=\"5\">\n<tbody>\n<tr>\n<td style=\"width: 80px;\">\n<h3><span style=\"color: #4c928c;\">Panel 7<\/span><\/h3>\n<\/td>\n<td><\/td>\n<td>\n<h3><span style=\"color: #4c928c;\">Journallekt\u00fcre und urbaner Raum | Periodicals and Urban Space<\/span><\/h3>\n<\/td>\n<\/tr>\n<tr>\n<td style=\"width: 80px;\"><\/td>\n<td><\/td>\n<td><span style=\"color: #4c928c;\"><span style=\"color: #000000;\">Chair: Nicolas Pethes (K\u00f6ln)<\/span><br \/>\n<\/span><\/td>\n<\/tr>\n<tr>\n<td>12:00-12:40<\/td>\n<td><\/td>\n<td><strong>Claudia \u00d6hlschl\u00e4ger<\/strong>\u00a0(Paderborn):<br \/>\nUrbane Ethnographie: Lekt\u00fcrewege und Bildmaterialit\u00e4ten im Kontext feuilletonistischer St\u00e4dtebilder 1900-1933<\/td>\n<\/tr>\n<tr>\n<td>12:40-13:20<\/td>\n<td><\/td>\n<td><strong>Yashar Mohagheghi <\/strong>(Bochum):<br \/>\nZeitschriftenlektu\u0308re und Gro\u00dfstadttextur. Walter Benjamins Praxeologie kursorischen Lesens<\/td>\n<\/tr>\n<tr>\n<td><\/td>\n<td><\/td>\n<td><em>Farewell<\/em><\/td>\n<\/tr>\n<\/tbody>\n<\/table>\n<p>&nbsp;<\/p>\n","protected":false},"excerpt":{"rendered":"<p>Internationale Tagung der DFG-Forschergruppe \u201eJournalliteratur\u201c 17.-19. September 2018, Ruhr-Universit\u00e4t Bochum (Germany) The conference will last from monday lunchtime to wednesday early afternoon. Further informations<\/p>\n","protected":false},"author":8,"featured_media":0,"parent":1325,"menu_order":0,"comment_status":"closed","ping_status":"closed","template":"","meta":{"footnotes":""},"class_list":["post-1510","page","type-page","status-publish","hentry"],"translation":{"provider":"WPGlobus","version":"3.0.2","language":"gb","enabled_languages":["de","gb"],"languages":{"de":{"title":true,"content":true,"excerpt":false},"gb":{"title":true,"content":true,"excerpt":false}}},"yoast_head":"<!-- This site is optimized with the Yoast SEO plugin v27.3 - https:\/\/yoast.com\/product\/yoast-seo-wordpress\/ -->\n<title>Programme - Journalliteratur<\/title>\n<meta name=\"robots\" content=\"index, follow, max-snippet:-1, max-image-preview:large, max-video-preview:-1\" \/>\n<link rel=\"canonical\" href=\"https:\/\/journalliteratur.blogs.ruhr-uni-bochum.de\/veranstaltungen\/konferenzen\/lektuereabbruch-anschlusslektueren-journale-lesen\/programm\/\" \/>\n<meta property=\"og:locale\" content=\"en_GB\" \/>\n<meta property=\"og:type\" content=\"article\" \/>\n<meta property=\"og:title\" content=\"Programme - Journalliteratur\" \/>\n<meta property=\"og:url\" content=\"https:\/\/journalliteratur.blogs.ruhr-uni-bochum.de\/veranstaltungen\/konferenzen\/lektuereabbruch-anschlusslektueren-journale-lesen\/programm\/\" \/>\n<meta property=\"og:site_name\" content=\"Journalliteratur\" \/>\n<meta property=\"article:modified_time\" content=\"2018-09-14T07:52:43+00:00\" \/>\n<meta name=\"twitter:card\" content=\"summary_large_image\" \/>\n<meta name=\"twitter:label1\" content=\"Estimated reading time\" \/>\n\t<meta name=\"twitter:data1\" content=\"6 minutes\" \/>\n<script type=\"application\/ld+json\" class=\"yoast-schema-graph\">{\"@context\":\"https:\\\/\\\/schema.org\",\"@graph\":[{\"@type\":\"WebPage\",\"@id\":\"https:\\\/\\\/journalliteratur.blogs.ruhr-uni-bochum.de\\\/veranstaltungen\\\/konferenzen\\\/lektuereabbruch-anschlusslektueren-journale-lesen\\\/programm\\\/\",\"url\":\"https:\\\/\\\/journalliteratur.blogs.ruhr-uni-bochum.de\\\/veranstaltungen\\\/konferenzen\\\/lektuereabbruch-anschlusslektueren-journale-lesen\\\/programm\\\/\",\"name\":\"Programme - Journalliteratur\",\"isPartOf\":{\"@id\":\"https:\\\/\\\/journalliteratur.blogs.ruhr-uni-bochum.de\\\/gb\\\/#website\"},\"datePublished\":\"2018-04-11T13:41:51+00:00\",\"dateModified\":\"2018-09-14T07:52:43+00:00\",\"breadcrumb\":{\"@id\":\"https:\\\/\\\/journalliteratur.blogs.ruhr-uni-bochum.de\\\/veranstaltungen\\\/konferenzen\\\/lektuereabbruch-anschlusslektueren-journale-lesen\\\/programm\\\/#breadcrumb\"},\"inLanguage\":\"en-GB\",\"potentialAction\":[{\"@type\":\"ReadAction\",\"target\":[\"https:\\\/\\\/journalliteratur.blogs.ruhr-uni-bochum.de\\\/veranstaltungen\\\/konferenzen\\\/lektuereabbruch-anschlusslektueren-journale-lesen\\\/programm\\\/\"]}]},{\"@type\":\"BreadcrumbList\",\"@id\":\"https:\\\/\\\/journalliteratur.blogs.ruhr-uni-bochum.de\\\/veranstaltungen\\\/konferenzen\\\/lektuereabbruch-anschlusslektueren-journale-lesen\\\/programm\\\/#breadcrumb\",\"itemListElement\":[{\"@type\":\"ListItem\",\"position\":1,\"name\":\"Startseite\",\"item\":\"https:\\\/\\\/journalliteratur.blogs.ruhr-uni-bochum.de\\\/gb\\\/\"},{\"@type\":\"ListItem\",\"position\":2,\"name\":\"Veranstaltungen\",\"item\":\"https:\\\/\\\/journalliteratur.blogs.ruhr-uni-bochum.de\\\/veranstaltungen\\\/\"},{\"@type\":\"ListItem\",\"position\":3,\"name\":\"Konferenzen\",\"item\":\"https:\\\/\\\/journalliteratur.blogs.ruhr-uni-bochum.de\\\/veranstaltungen\\\/konferenzen\\\/\"},{\"@type\":\"ListItem\",\"position\":4,\"name\":\"Lekt\u00fcreabbruch \u2013 Anschlu\u00dflekt\u00fcren: Journale lesen\",\"item\":\"https:\\\/\\\/journalliteratur.blogs.ruhr-uni-bochum.de\\\/veranstaltungen\\\/konferenzen\\\/lektuereabbruch-anschlusslektueren-journale-lesen\\\/\"},{\"@type\":\"ListItem\",\"position\":5,\"name\":\"Programm\"}]},{\"@type\":\"WebSite\",\"@id\":\"https:\\\/\\\/journalliteratur.blogs.ruhr-uni-bochum.de\\\/gb\\\/#website\",\"url\":\"https:\\\/\\\/journalliteratur.blogs.ruhr-uni-bochum.de\\\/gb\\\/\",\"name\":\"Journalliteratur\",\"description\":\"Formatbedingungen, visuelles Design, Rezeptionskulturen\",\"publisher\":{\"@id\":\"https:\\\/\\\/journalliteratur.blogs.ruhr-uni-bochum.de\\\/gb\\\/#organization\"},\"potentialAction\":[{\"@type\":\"SearchAction\",\"target\":{\"@type\":\"EntryPoint\",\"urlTemplate\":\"https:\\\/\\\/journalliteratur.blogs.ruhr-uni-bochum.de\\\/gb\\\/?s={search_term_string}\"},\"query-input\":{\"@type\":\"PropertyValueSpecification\",\"valueRequired\":true,\"valueName\":\"search_term_string\"}}],\"inLanguage\":\"en-GB\"},{\"@type\":\"Organization\",\"@id\":\"https:\\\/\\\/journalliteratur.blogs.ruhr-uni-bochum.de\\\/gb\\\/#organization\",\"name\":\"DFG-Forschergruppe 2288: Journalliteratur\",\"url\":\"https:\\\/\\\/journalliteratur.blogs.ruhr-uni-bochum.de\\\/gb\\\/\",\"logo\":{\"@type\":\"ImageObject\",\"inLanguage\":\"en-GB\",\"@id\":\"https:\\\/\\\/journalliteratur.blogs.ruhr-uni-bochum.de\\\/gb\\\/#\\\/schema\\\/logo\\\/image\\\/\",\"url\":\"https:\\\/\\\/journalliteratur.blogs.ruhr-uni-bochum.de\\\/wp-content\\\/uploads\\\/2016\\\/08\\\/cropped-fg_journal_logo_blaetter_icon.png\",\"contentUrl\":\"https:\\\/\\\/journalliteratur.blogs.ruhr-uni-bochum.de\\\/wp-content\\\/uploads\\\/2016\\\/08\\\/cropped-fg_journal_logo_blaetter_icon.png\",\"width\":512,\"height\":512,\"caption\":\"DFG-Forschergruppe 2288: Journalliteratur\"},\"image\":{\"@id\":\"https:\\\/\\\/journalliteratur.blogs.ruhr-uni-bochum.de\\\/gb\\\/#\\\/schema\\\/logo\\\/image\\\/\"}}]}<\/script>\n<!-- \/ Yoast SEO plugin. -->","yoast_head_json":{"title":"Programme - Journalliteratur","robots":{"index":"index","follow":"follow","max-snippet":"max-snippet:-1","max-image-preview":"max-image-preview:large","max-video-preview":"max-video-preview:-1"},"canonical":"https:\/\/journalliteratur.blogs.ruhr-uni-bochum.de\/veranstaltungen\/konferenzen\/lektuereabbruch-anschlusslektueren-journale-lesen\/programm\/","og_locale":"en_GB","og_type":"article","og_title":"Programme - Journalliteratur","og_url":"https:\/\/journalliteratur.blogs.ruhr-uni-bochum.de\/veranstaltungen\/konferenzen\/lektuereabbruch-anschlusslektueren-journale-lesen\/programm\/","og_site_name":"Journalliteratur","article_modified_time":"2018-09-14T07:52:43+00:00","twitter_card":"summary_large_image","twitter_misc":{"Estimated reading time":"6 minutes"},"schema":{"@context":"https:\/\/schema.org","@graph":[{"@type":"WebPage","@id":"https:\/\/journalliteratur.blogs.ruhr-uni-bochum.de\/veranstaltungen\/konferenzen\/lektuereabbruch-anschlusslektueren-journale-lesen\/programm\/","url":"https:\/\/journalliteratur.blogs.ruhr-uni-bochum.de\/veranstaltungen\/konferenzen\/lektuereabbruch-anschlusslektueren-journale-lesen\/programm\/","name":"Programme - Journalliteratur","isPartOf":{"@id":"https:\/\/journalliteratur.blogs.ruhr-uni-bochum.de\/gb\/#website"},"datePublished":"2018-04-11T13:41:51+00:00","dateModified":"2018-09-14T07:52:43+00:00","breadcrumb":{"@id":"https:\/\/journalliteratur.blogs.ruhr-uni-bochum.de\/veranstaltungen\/konferenzen\/lektuereabbruch-anschlusslektueren-journale-lesen\/programm\/#breadcrumb"},"inLanguage":"en-GB","potentialAction":[{"@type":"ReadAction","target":["https:\/\/journalliteratur.blogs.ruhr-uni-bochum.de\/veranstaltungen\/konferenzen\/lektuereabbruch-anschlusslektueren-journale-lesen\/programm\/"]}]},{"@type":"BreadcrumbList","@id":"https:\/\/journalliteratur.blogs.ruhr-uni-bochum.de\/veranstaltungen\/konferenzen\/lektuereabbruch-anschlusslektueren-journale-lesen\/programm\/#breadcrumb","itemListElement":[{"@type":"ListItem","position":1,"name":"Startseite","item":"https:\/\/journalliteratur.blogs.ruhr-uni-bochum.de\/gb\/"},{"@type":"ListItem","position":2,"name":"Veranstaltungen","item":"https:\/\/journalliteratur.blogs.ruhr-uni-bochum.de\/veranstaltungen\/"},{"@type":"ListItem","position":3,"name":"Konferenzen","item":"https:\/\/journalliteratur.blogs.ruhr-uni-bochum.de\/veranstaltungen\/konferenzen\/"},{"@type":"ListItem","position":4,"name":"Lekt\u00fcreabbruch \u2013 Anschlu\u00dflekt\u00fcren: Journale lesen","item":"https:\/\/journalliteratur.blogs.ruhr-uni-bochum.de\/veranstaltungen\/konferenzen\/lektuereabbruch-anschlusslektueren-journale-lesen\/"},{"@type":"ListItem","position":5,"name":"Programm"}]},{"@type":"WebSite","@id":"https:\/\/journalliteratur.blogs.ruhr-uni-bochum.de\/gb\/#website","url":"https:\/\/journalliteratur.blogs.ruhr-uni-bochum.de\/gb\/","name":"Journalliteratur","description":"Formatbedingungen, visuelles Design, Rezeptionskulturen","publisher":{"@id":"https:\/\/journalliteratur.blogs.ruhr-uni-bochum.de\/gb\/#organization"},"potentialAction":[{"@type":"SearchAction","target":{"@type":"EntryPoint","urlTemplate":"https:\/\/journalliteratur.blogs.ruhr-uni-bochum.de\/gb\/?s={search_term_string}"},"query-input":{"@type":"PropertyValueSpecification","valueRequired":true,"valueName":"search_term_string"}}],"inLanguage":"en-GB"},{"@type":"Organization","@id":"https:\/\/journalliteratur.blogs.ruhr-uni-bochum.de\/gb\/#organization","name":"DFG-Forschergruppe 2288: Journalliteratur","url":"https:\/\/journalliteratur.blogs.ruhr-uni-bochum.de\/gb\/","logo":{"@type":"ImageObject","inLanguage":"en-GB","@id":"https:\/\/journalliteratur.blogs.ruhr-uni-bochum.de\/gb\/#\/schema\/logo\/image\/","url":"https:\/\/journalliteratur.blogs.ruhr-uni-bochum.de\/wp-content\/uploads\/2016\/08\/cropped-fg_journal_logo_blaetter_icon.png","contentUrl":"https:\/\/journalliteratur.blogs.ruhr-uni-bochum.de\/wp-content\/uploads\/2016\/08\/cropped-fg_journal_logo_blaetter_icon.png","width":512,"height":512,"caption":"DFG-Forschergruppe 2288: Journalliteratur"},"image":{"@id":"https:\/\/journalliteratur.blogs.ruhr-uni-bochum.de\/gb\/#\/schema\/logo\/image\/"}}]}},"_links":{"self":[{"href":"https:\/\/journalliteratur.blogs.ruhr-uni-bochum.de\/gb\/wp-json\/wp\/v2\/pages\/1510","targetHints":{"allow":["GET"]}}],"collection":[{"href":"https:\/\/journalliteratur.blogs.ruhr-uni-bochum.de\/gb\/wp-json\/wp\/v2\/pages"}],"about":[{"href":"https:\/\/journalliteratur.blogs.ruhr-uni-bochum.de\/gb\/wp-json\/wp\/v2\/types\/page"}],"author":[{"embeddable":true,"href":"https:\/\/journalliteratur.blogs.ruhr-uni-bochum.de\/gb\/wp-json\/wp\/v2\/users\/8"}],"replies":[{"embeddable":true,"href":"https:\/\/journalliteratur.blogs.ruhr-uni-bochum.de\/gb\/wp-json\/wp\/v2\/comments?post=1510"}],"version-history":[{"count":17,"href":"https:\/\/journalliteratur.blogs.ruhr-uni-bochum.de\/gb\/wp-json\/wp\/v2\/pages\/1510\/revisions"}],"predecessor-version":[{"id":1829,"href":"https:\/\/journalliteratur.blogs.ruhr-uni-bochum.de\/gb\/wp-json\/wp\/v2\/pages\/1510\/revisions\/1829"}],"up":[{"embeddable":true,"href":"https:\/\/journalliteratur.blogs.ruhr-uni-bochum.de\/gb\/wp-json\/wp\/v2\/pages\/1325"}],"wp:attachment":[{"href":"https:\/\/journalliteratur.blogs.ruhr-uni-bochum.de\/gb\/wp-json\/wp\/v2\/media?parent=1510"}],"curies":[{"name":"wp","href":"https:\/\/api.w.org\/{rel}","templated":true}]}}